{"id":840,"date":"2026-03-23T11:55:18","date_gmt":"2026-03-23T10:55:18","guid":{"rendered":"https:\/\/www.gfpraloup.com\/greenfondo\/"},"modified":"2026-03-27T09:43:49","modified_gmt":"2026-03-27T08:43:49","slug":"greenfondo","status":"publish","type":"page","link":"https:\/\/www.gfpraloup.com\/it\/greenfondo\/","title":{"rendered":"#GreenFondo"},"content":{"rendered":"\n<div class=\"wp-block-ws-library-ws-header-interne alignfull\"><div class=\"header-container\"><div class=\"group-media has-image\"><img loading=\"lazy\" decoding=\"async\" width=\"1600\" height=\"1200\" src=\"https:\/\/www.gfpraloup.com\/wp-content\/uploads\/2026\/03\/235-4-22349035.webp\" alt=\"\" class=\"image_large_square wp-image-345 \" srcset=\"https:\/\/www.gfpraloup.com\/wp-content\/uploads\/2026\/03\/235-4-22349035.webp 1600w, https:\/\/www.gfpraloup.com\/wp-content\/uploads\/2026\/03\/235-4-22349035-300x225.webp 300w, https:\/\/www.gfpraloup.com\/wp-content\/uploads\/2026\/03\/235-4-22349035-1024x768.webp 1024w, https:\/\/www.gfpraloup.com\/wp-content\/uploads\/2026\/03\/235-4-22349035-768x576.webp 768w, https:\/\/www.gfpraloup.com\/wp-content\/uploads\/2026\/03\/235-4-22349035-1536x1152.webp 1536w, https:\/\/www.gfpraloup.com\/wp-content\/uploads\/2026\/03\/235-4-22349035-60x45.webp 60w, https:\/\/www.gfpraloup.com\/wp-content\/uploads\/2026\/03\/235-4-22349035-120x90.webp 120w, https:\/\/www.gfpraloup.com\/wp-content\/uploads\/2026\/03\/235-4-22349035-760x570.webp 760w\" sizes=\"auto, (max-width: 1600px) 100vw, 1600px\" \/><\/div><div class=\"group-content\"><div class=\"title\"><h1>#GreenFondo<\/h1><\/div><\/div><\/div><div class=\"yoast-breadcrumbs\"><span><span><a href=\"https:\/\/www.gfpraloup.com\/it\/\">Accueil<\/a><\/span>  <span class=\"breadcrumb_last\" aria-current=\"page\">#GreenFondo<\/span><\/span><\/div><\/div>\n<div class=\"wp-block-ws-library-ws-list-childs\"><\/div>\n<div class=\"wp-block-ws-library-ws-columns alignwide has-2-columns are-vertically-aligned-center layout-5050 is-style-background-white\">\n<div class=\"wp-block-ws-library-ws-column is-style-background-white\"><div class=\"wrapper\">\n          \n\n          <div class=\"wp-block-ws-library-ws-title\">\n            <h2>Guidare oggi, conservare domani!<\/h2>\n          <\/div>\n          \n\n        \n\n\n\n<p>Partecipare alla <strong>GF Pra Loup<\/strong> non significa solo prendere parte a una gara.<br\/>Significa partecipare a un&#8217;esperienza unica, nel cuore del <a href=\"https:\/\/www.mercantour-parcnational.fr\/\">Parco Nazionale del Mercantour<\/a>, come ospite privilegiato in un ambiente eccezionale.<\/p>\n\n\n\n<p>Qui, ogni chilometro percorso \u00e8 una promessa: conciliare le prestazioni sportive con il rispetto della natura.<\/p>\n<\/div><\/div>\n\n\n\n<div class=\"wp-block-ws-library-ws-column\"><div class=\"wrapper\">\n          \n\n          <div class=\"wp-block-ws-library-ws-image\">\n            <div class=\"wrapper\">\n              <div class=\"group-media\">\n                <img decoding=\"async\" src=\"https:\/\/www.gfpraloup.com\/wp-content\/uploads\/2026\/03\/le-col-de-la-cayolle-un-des-plus-beaux-cols-de-la-rga-lionel-terrailjpg-900x570.webp\" alt=\"\" class=\"single_image ws-image-349\">\n                <div class=\"credits\"><\/div>\n              <\/div>\n              <p class=\"caption\"><\/p>\n            <\/div>\n          <\/div>\n          \n\n        \n<\/div><\/div>\n<\/div>\n\n          \n\n          <div class=\"wp-block-ws-library-ws-title alignwide\">\n            <h3>Il nostro impegno su 4 pilastri<\/h3>\n          <\/div>\n          \n\n        \n\n<div class=\"wp-block-ws-library-ws-columns alignwide has-2-columns are-vertically-aligned-top layout-5050 is-style-background-white\">\n<div class=\"wp-block-ws-library-ws-column\"><div class=\"wrapper\">\n          \n\n          <div class=\"wp-block-ws-library-ws-image is-style-image-aeree is-style-image-aeree--1\">\n            <div class=\"wrapper\">\n              <div class=\"group-media\">\n                <img decoding=\"async\" src=\"https:\/\/www.gfpraloup.com\/wp-content\/uploads\/2026\/03\/small-cyclist-big-bridge-1024x683-1-900x570.jpg\" alt=\"\" class=\"single_image ws-image-362\">\n                <div class=\"credits\"><\/div>\n              <\/div>\n              <p class=\"caption\"><\/p>\n            <\/div>\n          <\/div>\n          \n\n        \n\n\n\n<hr class=\"wp-block-separator has-alpha-channel-opacity\"\/>\n\n\n\n          \n\n          <div class=\"wp-block-ws-library-ws-title\">\n            <h4>Un ingombro minimo<\/h4>\n          <\/div>\n          \n\n        \n\n\n\n<p>Abbiamo un obiettivo chiaro: non lasciare traccia del nostro passaggio.<\/p>\n\n\n\n<ul class=\"wp-block-list\">\n<li>Zero rifiuti sul territorio<\/li>\n\n\n\n<li>Zero plastica monouso<\/li>\n\n\n\n<li>Segnaletica pulita, riutilizzabile o biodegradabile<\/li>\n<\/ul>\n\n\n\n<p>\n          <em>\n            <strong>L&#8217;unico ricordo che ci lasciamo dietro? I nostri sforzi. <\/strong>\n          <\/em>\n        <\/p>\n<\/div><\/div>\n\n\n\n<div class=\"wp-block-ws-library-ws-column\"><div class=\"wrapper\">\n          \n\n          <div class=\"wp-block-ws-library-ws-image is-style-image-aeree is-style-image-aeree--2\">\n            <div class=\"wrapper\">\n              <div class=\"group-media\">\n                <img decoding=\"async\" src=\"https:\/\/www.gfpraloup.com\/wp-content\/uploads\/2026\/03\/barcelonnette-900x570.jpg\" alt=\"\" class=\"single_image ws-image-456\">\n                <div class=\"credits\"><\/div>\n              <\/div>\n              <p class=\"caption\"><\/p>\n            <\/div>\n          <\/div>\n          \n\n        \n\n\n\n<hr class=\"wp-block-separator has-alpha-channel-opacity\"\/>\n\n\n\n          \n\n          <div class=\"wp-block-ws-library-ws-title\">\n            <h4>Forte solidariet\u00e0 locale<\/h4>\n          <\/div>\n          \n\n        \n\n\n\n<p>Ogni pedalata ha un impatto positivo:<\/p>\n\n\n\n<ul class=\"wp-block-list\">\n<li>1 per partecipante donato a progetti ambientali<\/li>\n\n\n\n<li>Finanziamento partecipativo integrato nell&#8217;evento<\/li>\n\n\n\n<li>Rinfreschi 100% locali<\/li>\n<\/ul>\n\n\n\n<p>\n          <em>\n            <strong>Sosteniamo l&#8217;economia di Ubaye proteggendo la biodiversit\u00e0.<\/strong>\n          <\/em>\n        <\/p>\n<\/div><\/div>\n<\/div>\n\n<div class=\"wp-block-ws-library-ws-columns alignwide has-2-columns are-vertically-aligned-top layout-5050 is-style-background-white\">\n<div class=\"wp-block-ws-library-ws-column\"><div class=\"wrapper\">\n          \n\n          <div class=\"wp-block-ws-library-ws-image is-style-image-aeree is-style-image-aeree--3\">\n            <div class=\"wrapper\">\n              <div class=\"group-media\">\n                <img decoding=\"async\" src=\"https:\/\/www.gfpraloup.com\/wp-content\/uploads\/2026\/03\/velo-de-route-col-de-la-cayolle-thomas-bruno-2025-47-scaled-900x570.jpg\" alt=\"\" class=\"single_image ws-image-277\">\n                <div class=\"credits\"><\/div>\n              <\/div>\n              <p class=\"caption\"><\/p>\n            <\/div>\n          <\/div>\n          \n\n        \n\n\n\n<hr class=\"wp-block-separator has-alpha-channel-opacity\"\/>\n\n\n\n          \n\n          <div class=\"wp-block-ws-library-ws-title\">\n            <h4>Una responsabilit\u00e0 condivisa<\/h4>\n          <\/div>\n          \n\n        \n\n\n\n<p>Noi forniamo i mezzi&#8230; sta a te decidere!<\/p>\n\n\n\n<ul class=\"wp-block-list\">\n<li>Bottiglia inclusa nella confezione del corridore<\/li>\n\n\n\n<li>Nessuna bottiglia individuale<\/li>\n\n\n\n<li>Punti d&#8217;acqua comuni  <\/li>\n\n\n\n<li>Zone di smistamento accessibili lungo tutto il percorso<\/li>\n<\/ul>\n\n\n\n<p>\n          <em>\n            <strong>Rispettare le norme ambientali significa garantire il futuro dell&#8217;evento.<\/strong>\n          <\/em>\n        <\/p>\n<\/div><\/div>\n\n\n\n<div class=\"wp-block-ws-library-ws-column\"><div class=\"wrapper\">\n          \n\n          <div class=\"wp-block-ws-library-ws-image is-style-image-aeree is-style-image-aeree--4\">\n            <div class=\"wrapper\">\n              <div class=\"group-media\">\n                <img decoding=\"async\" src=\"https:\/\/www.gfpraloup.com\/wp-content\/uploads\/2026\/03\/486531875-1058799109609892-8059960144521632702-n-900x570.jpg\" alt=\"\" class=\"single_image ws-image-434\">\n                <div class=\"credits\"><\/div>\n              <\/div>\n              <p class=\"caption\"><\/p>\n            <\/div>\n          <\/div>\n          \n\n        \n\n\n\n<hr class=\"wp-block-separator has-alpha-channel-opacity\"\/>\n\n\n\n          \n\n          <div class=\"wp-block-ws-library-ws-title\">\n            <h4>Un&#8217;organizzazione eco-responsabile<\/h4>\n          <\/div>\n          \n\n        \n\n\n\n<ul class=\"wp-block-list\">\n<li>Segnaletica intelligente e riutilizzabile<\/li>\n\n\n\n<li>Pasti e rinfreschi locali<\/li>\n\n\n\n<li>Selezione ottimizzata dei rifiuti con riciclaggio e compostaggio<\/li>\n\n\n\n<li>Ridurre l&#8217;impronta di carbonio incoraggiando il car-sharing<\/li>\n<\/ul>\n<\/div><\/div>\n<\/div>\n\n<div class=\"wp-block-group has-global-padding is-layout-constrained wp-block-group-is-layout-constrained\">\n          \n\n          <div class=\"wp-block-ws-library-ws-title\">\n            <h2>Un privilegio raro: <br><strong>guida nel Parco Nazionale del Mercantour<\/strong><\/h2>\n          <\/div>\n          \n\n        \n\n\n\n<p>La gara si svolge nel cuore del Parco Nazionale del Mercantour, grazie a un&#8217;autorizzazione eccezionale.<\/p>\n\n\n\n<p>Per preservare queste aree sensibili :<\/p>\n\n\n\n<ul class=\"wp-block-list\">\n<li>I punti di ristoro sono situati al di fuori delle aree sensibili<\/li>\n\n\n\n<li>Non sar\u00e0 tollerato alcun danno<\/li>\n\n\n\n<li>L&#8217;abbandono di rifiuti comporter\u00e0 la squalifica immediata.<\/li>\n<\/ul>\n\n\n\n<p>\n          <strong>L&#8217;uso della bicicletta qui deve essere guadagnato. E rispettata. <\/strong>\n        <\/p>\n\n\n\n<figure class=\"wp-block-image size-full is-style-default\"><img loading=\"lazy\" decoding=\"async\" width=\"1024\" height=\"771\" src=\"https:\/\/www.gfpraloup.com\/wp-content\/uploads\/2026\/03\/col-des-champs-colmars-142227-1024x0-1.jpg\" alt=\"\" class=\"wp-image-437\" style=\"aspect-ratio:16\/9;object-fit:cover\" srcset=\"https:\/\/www.gfpraloup.com\/wp-content\/uploads\/2026\/03\/col-des-champs-colmars-142227-1024x0-1.jpg 1024w, https:\/\/www.gfpraloup.com\/wp-content\/uploads\/2026\/03\/col-des-champs-colmars-142227-1024x0-1-300x226.jpg 300w, https:\/\/www.gfpraloup.com\/wp-content\/uploads\/2026\/03\/col-des-champs-colmars-142227-1024x0-1-768x578.jpg 768w, https:\/\/www.gfpraloup.com\/wp-content\/uploads\/2026\/03\/col-des-champs-colmars-142227-1024x0-1-60x45.jpg 60w, https:\/\/www.gfpraloup.com\/wp-content\/uploads\/2026\/03\/col-des-champs-colmars-142227-1024x0-1-120x90.jpg 120w, https:\/\/www.gfpraloup.com\/wp-content\/uploads\/2026\/03\/col-des-champs-colmars-142227-1024x0-1-757x570.jpg 757w\" sizes=\"auto, (max-width: 1024px) 100vw, 1024px\" \/><\/figure>\n\n\n\n          \n\n          <div class=\"wp-block-ws-library-ws-title\">\n            <h2>#GreenFondo<\/h2>\n          <\/div>\n          \n\n        \n<\/div>\n","protected":false},"excerpt":{"rendered":"<p>La gara si svolge nel cuore del Parco Nazionale del Mercantour, grazie a un&#8217;autorizzazione eccezionale. Per preservare queste aree sensibili : L&#8217;uso della bicicletta qui deve essere guadagnato. E rispettata.<\/p>\n","protected":false},"author":1,"featured_media":841,"parent":0,"menu_order":0,"comment_status":"closed","ping_status":"closed","template":"","meta":{"menu_page_1":"","menu_page_2":"","footnotes":""},"class_list":["post-840","page","type-page","status-publish","has-post-thumbnail","hentry"],"yoast_head":"<!-- This site is optimized with the Yoast SEO plugin v27.2 - https:\/\/yoast.com\/product\/yoast-seo-wordpress\/ -->\n<title>#GreenFondo - GF PraLoup<\/title>\n<meta name=\"description\" content=\"Partecipare alla GF PraLoup \u00e8 molto pi\u00f9 che partecipare a una gara: \u00e8 un&#039;esperienza unica!\" \/>\n<meta name=\"robots\" content=\"index, follow, max-snippet:-1, max-image-preview:large, max-video-preview:-1\" \/>\n<link rel=\"canonical\" href=\"https:\/\/www.gfpraloup.com\/it\/greenfondo\/\" \/>\n<meta property=\"og:locale\" content=\"it_IT\" \/>\n<meta property=\"og:type\" content=\"article\" \/>\n<meta property=\"og:title\" content=\"#GreenFondo - GF PraLoup\" \/>\n<meta property=\"og:description\" content=\"Partecipare alla GF PraLoup \u00e8 molto pi\u00f9 che partecipare a una gara: \u00e8 un&#039;esperienza unica!\" \/>\n<meta property=\"og:url\" content=\"https:\/\/www.gfpraloup.com\/it\/greenfondo\/\" \/>\n<meta property=\"og:site_name\" content=\"GF PraLoup\" \/>\n<meta property=\"article:modified_time\" content=\"2026-03-27T08:43:49+00:00\" \/>\n<meta property=\"og:image\" content=\"https:\/\/gfpraloup.websenso.dev\/wp-content\/uploads\/2026\/03\/235-4-22349035-1.webp\" \/>\n\t<meta property=\"og:image:width\" content=\"1600\" \/>\n\t<meta property=\"og:image:height\" content=\"1200\" \/>\n\t<meta property=\"og:image:type\" content=\"image\/webp\" \/>\n<meta name=\"twitter:card\" content=\"summary_large_image\" \/>\n<meta name=\"twitter:label1\" content=\"Tempo di lettura stimato\" \/>\n\t<meta name=\"twitter:data1\" content=\"1 minuto\" \/>\n<script type=\"application\/ld+json\" class=\"yoast-schema-graph\">{\"@context\":\"https:\/\/schema.org\",\"@graph\":[{\"@type\":\"WebPage\",\"@id\":\"https:\/\/www.gfpraloup.com\/it\/greenfondo\/\",\"url\":\"https:\/\/www.gfpraloup.com\/it\/greenfondo\/\",\"name\":\"#GreenFondo - GF PraLoup\",\"isPartOf\":{\"@id\":\"https:\/\/gfpraloup.websenso.dev\/#website\"},\"primaryImageOfPage\":{\"@id\":\"https:\/\/www.gfpraloup.com\/it\/greenfondo\/#primaryimage\"},\"image\":{\"@id\":\"https:\/\/www.gfpraloup.com\/it\/greenfondo\/#primaryimage\"},\"thumbnailUrl\":\"https:\/\/www.gfpraloup.com\/wp-content\/uploads\/2026\/03\/235-4-22349035-1.webp\",\"datePublished\":\"2026-03-23T10:55:18+00:00\",\"dateModified\":\"2026-03-27T08:43:49+00:00\",\"description\":\"Partecipare alla GF PraLoup \u00e8 molto pi\u00f9 che partecipare a una gara: \u00e8 un'esperienza unica!\",\"breadcrumb\":{\"@id\":\"https:\/\/www.gfpraloup.com\/it\/greenfondo\/#breadcrumb\"},\"inLanguage\":\"it-IT\",\"potentialAction\":[{\"@type\":\"ReadAction\",\"target\":[\"https:\/\/www.gfpraloup.com\/it\/greenfondo\/\"]}]},{\"@type\":\"ImageObject\",\"inLanguage\":\"it-IT\",\"@id\":\"https:\/\/www.gfpraloup.com\/it\/greenfondo\/#primaryimage\",\"url\":\"https:\/\/www.gfpraloup.com\/wp-content\/uploads\/2026\/03\/235-4-22349035-1.webp\",\"contentUrl\":\"https:\/\/www.gfpraloup.com\/wp-content\/uploads\/2026\/03\/235-4-22349035-1.webp\",\"width\":1600,\"height\":1200},{\"@type\":\"BreadcrumbList\",\"@id\":\"https:\/\/www.gfpraloup.com\/it\/greenfondo\/#breadcrumb\",\"itemListElement\":[{\"@type\":\"ListItem\",\"position\":1,\"name\":\"Accueil\",\"item\":\"https:\/\/www.gfpraloup.com\/it\/\"},{\"@type\":\"ListItem\",\"position\":2,\"name\":\"#GreenFondo\"}]},{\"@type\":\"WebSite\",\"@id\":\"https:\/\/gfpraloup.websenso.dev\/#website\",\"url\":\"https:\/\/gfpraloup.websenso.dev\/\",\"name\":\"GF PraLoup\",\"description\":\"L&#039;\u00e9v\u00e9nement cyclo de l&#039;Ubaye : 26 juillet 2026\",\"publisher\":{\"@id\":\"https:\/\/gfpraloup.websenso.dev\/#organization\"},\"potentialAction\":[{\"@type\":\"SearchAction\",\"target\":{\"@type\":\"EntryPoint\",\"urlTemplate\":\"https:\/\/gfpraloup.websenso.dev\/?s={search_term_string}\"},\"query-input\":{\"@type\":\"PropertyValueSpecification\",\"valueRequired\":true,\"valueName\":\"search_term_string\"}}],\"inLanguage\":\"it-IT\"},{\"@type\":\"Organization\",\"@id\":\"https:\/\/gfpraloup.websenso.dev\/#organization\",\"name\":\"GF PraLoup\",\"url\":\"https:\/\/gfpraloup.websenso.dev\/\",\"logo\":{\"@type\":\"ImageObject\",\"inLanguage\":\"it-IT\",\"@id\":\"https:\/\/gfpraloup.websenso.dev\/#\/schema\/logo\/image\/\",\"url\":\"https:\/\/www.gfpraloup.com\/wp-content\/uploads\/2026\/03\/gf-praloup-logos-01.svg\",\"contentUrl\":\"https:\/\/www.gfpraloup.com\/wp-content\/uploads\/2026\/03\/gf-praloup-logos-01.svg\",\"caption\":\"GF PraLoup\"},\"image\":{\"@id\":\"https:\/\/gfpraloup.websenso.dev\/#\/schema\/logo\/image\/\"},\"email\":\"info@praloup.com\",\"address\":{\"@type\":\"PostalAddress\",\"streetAddress\":\"Maison du tourisme\",\"addressLocality\":\"Pra Loup\",\"postalCode\":\"04400\",\"addressCountry\":\"France\"},\"geo\":{\"@type\":\"GeoCoordinates\",\"latitude\":44.370059,\"longitude\":6.600973}}]}<\/script>\n<!-- \/ Yoast SEO plugin. -->","yoast_head_json":{"title":"#GreenFondo - GF PraLoup","description":"Partecipare alla GF PraLoup \u00e8 molto pi\u00f9 che partecipare a una gara: \u00e8 un'esperienza unica!","robots":{"index":"index","follow":"follow","max-snippet":"max-snippet:-1","max-image-preview":"max-image-preview:large","max-video-preview":"max-video-preview:-1"},"canonical":"https:\/\/www.gfpraloup.com\/it\/greenfondo\/","og_locale":"it_IT","og_type":"article","og_title":"#GreenFondo - GF PraLoup","og_description":"Partecipare alla GF PraLoup \u00e8 molto pi\u00f9 che partecipare a una gara: \u00e8 un'esperienza unica!","og_url":"https:\/\/www.gfpraloup.com\/it\/greenfondo\/","og_site_name":"GF PraLoup","article_modified_time":"2026-03-27T08:43:49+00:00","og_image":[{"width":1600,"height":1200,"url":"https:\/\/gfpraloup.websenso.dev\/wp-content\/uploads\/2026\/03\/235-4-22349035-1.webp","type":"image\/webp"}],"twitter_card":"summary_large_image","twitter_misc":{"Tempo di lettura stimato":"1 minuto"},"schema":{"@context":"https:\/\/schema.org","@graph":[{"@type":"WebPage","@id":"https:\/\/www.gfpraloup.com\/it\/greenfondo\/","url":"https:\/\/www.gfpraloup.com\/it\/greenfondo\/","name":"#GreenFondo - GF PraLoup","isPartOf":{"@id":"https:\/\/gfpraloup.websenso.dev\/#website"},"primaryImageOfPage":{"@id":"https:\/\/www.gfpraloup.com\/it\/greenfondo\/#primaryimage"},"image":{"@id":"https:\/\/www.gfpraloup.com\/it\/greenfondo\/#primaryimage"},"thumbnailUrl":"https:\/\/www.gfpraloup.com\/wp-content\/uploads\/2026\/03\/235-4-22349035-1.webp","datePublished":"2026-03-23T10:55:18+00:00","dateModified":"2026-03-27T08:43:49+00:00","description":"Partecipare alla GF PraLoup \u00e8 molto pi\u00f9 che partecipare a una gara: \u00e8 un'esperienza unica!","breadcrumb":{"@id":"https:\/\/www.gfpraloup.com\/it\/greenfondo\/#breadcrumb"},"inLanguage":"it-IT","potentialAction":[{"@type":"ReadAction","target":["https:\/\/www.gfpraloup.com\/it\/greenfondo\/"]}]},{"@type":"ImageObject","inLanguage":"it-IT","@id":"https:\/\/www.gfpraloup.com\/it\/greenfondo\/#primaryimage","url":"https:\/\/www.gfpraloup.com\/wp-content\/uploads\/2026\/03\/235-4-22349035-1.webp","contentUrl":"https:\/\/www.gfpraloup.com\/wp-content\/uploads\/2026\/03\/235-4-22349035-1.webp","width":1600,"height":1200},{"@type":"BreadcrumbList","@id":"https:\/\/www.gfpraloup.com\/it\/greenfondo\/#breadcrumb","itemListElement":[{"@type":"ListItem","position":1,"name":"Accueil","item":"https:\/\/www.gfpraloup.com\/it\/"},{"@type":"ListItem","position":2,"name":"#GreenFondo"}]},{"@type":"WebSite","@id":"https:\/\/gfpraloup.websenso.dev\/#website","url":"https:\/\/gfpraloup.websenso.dev\/","name":"GF PraLoup","description":"L&#039;\u00e9v\u00e9nement cyclo de l&#039;Ubaye : 26 juillet 2026","publisher":{"@id":"https:\/\/gfpraloup.websenso.dev\/#organization"},"potentialAction":[{"@type":"SearchAction","target":{"@type":"EntryPoint","urlTemplate":"https:\/\/gfpraloup.websenso.dev\/?s={search_term_string}"},"query-input":{"@type":"PropertyValueSpecification","valueRequired":true,"valueName":"search_term_string"}}],"inLanguage":"it-IT"},{"@type":"Organization","@id":"https:\/\/gfpraloup.websenso.dev\/#organization","name":"GF PraLoup","url":"https:\/\/gfpraloup.websenso.dev\/","logo":{"@type":"ImageObject","inLanguage":"it-IT","@id":"https:\/\/gfpraloup.websenso.dev\/#\/schema\/logo\/image\/","url":"https:\/\/www.gfpraloup.com\/wp-content\/uploads\/2026\/03\/gf-praloup-logos-01.svg","contentUrl":"https:\/\/www.gfpraloup.com\/wp-content\/uploads\/2026\/03\/gf-praloup-logos-01.svg","caption":"GF PraLoup"},"image":{"@id":"https:\/\/gfpraloup.websenso.dev\/#\/schema\/logo\/image\/"},"email":"info@praloup.com","address":{"@type":"PostalAddress","streetAddress":"Maison du tourisme","addressLocality":"Pra Loup","postalCode":"04400","addressCountry":"France"},"geo":{"@type":"GeoCoordinates","latitude":44.370059,"longitude":6.600973}}]}},"_links":{"self":[{"href":"https:\/\/www.gfpraloup.com\/it\/wp-json\/wp\/v2\/pages\/840","targetHints":{"allow":["GET"]}}],"collection":[{"href":"https:\/\/www.gfpraloup.com\/it\/wp-json\/wp\/v2\/pages"}],"about":[{"href":"https:\/\/www.gfpraloup.com\/it\/wp-json\/wp\/v2\/types\/page"}],"author":[{"embeddable":true,"href":"https:\/\/www.gfpraloup.com\/it\/wp-json\/wp\/v2\/users\/1"}],"replies":[{"embeddable":true,"href":"https:\/\/www.gfpraloup.com\/it\/wp-json\/wp\/v2\/comments?post=840"}],"version-history":[{"count":2,"href":"https:\/\/www.gfpraloup.com\/it\/wp-json\/wp\/v2\/pages\/840\/revisions"}],"predecessor-version":[{"id":941,"href":"https:\/\/www.gfpraloup.com\/it\/wp-json\/wp\/v2\/pages\/840\/revisions\/941"}],"wp:featuredmedia":[{"embeddable":true,"href":"https:\/\/www.gfpraloup.com\/it\/wp-json\/wp\/v2\/media\/841"}],"wp:attachment":[{"href":"https:\/\/www.gfpraloup.com\/it\/wp-json\/wp\/v2\/media?parent=840"}],"curies":[{"name":"wp","href":"https:\/\/api.w.org\/{rel}","templated":true}]}}