{"id":291,"date":"2026-03-23T10:58:42","date_gmt":"2026-03-23T09:58:42","guid":{"rendered":"https:\/\/www.gfpraloup.com\/home-page\/"},"modified":"2026-03-27T11:59:08","modified_gmt":"2026-03-27T10:59:08","slug":"home-page","status":"publish","type":"page","link":"https:\/\/www.gfpraloup.com\/it\/","title":{"rendered":"GF PraLoup - L&#8217;evento ciclistico dell&#8217;Ubaye - 26 luglio 2026"},"content":{"rendered":"\n<div class=\"wp-block-ws-library-ws-header-principal is-layout-constrained alignfull\"><div class=\"alignfull\">\n<figure class=\"wp-block-video group-media\"><video autoplay=\"\" loop=\"\" muted=\"\" src=\"https:\/\/www.gfpraloup.com\/wp-content\/uploads\/2026\/03\/gf-praloup-video-site-internet.mp4\" playsinline=\"\"><\/video><\/figure>\n<div class=\"group-content\"><div class=\"title\"><h1>GF PraLoup<br><strong>26 luglio 2026<\/strong><\/h1><\/div><\/div><\/div><\/div>\n\n<div class=\"wp-block-ws-library-ws-countdown\"><div class=\"ws-countdown-wrapper\" data-target-date=\"2026-07-26T08:00:00\" data-expired-message=\"L'\u00e9v\u00e9nement est termin\u00e9.\"><div class=\"ws-countdown-timer\" aria-live=\"polite\"><div class=\"ws-countdown-unit\"><span class=\"ws-countdown-value\" data-unit=\"days\">00<\/span><span class=\"ws-countdown-label\">Giorni<\/span><\/div><div class=\"ws-countdown-separator\">:<\/div><div class=\"ws-countdown-unit\"><span class=\"ws-countdown-value\" data-unit=\"hours\">00<\/span><span class=\"ws-countdown-label\">Ore<\/span><\/div><div class=\"ws-countdown-separator\">:<\/div><div class=\"ws-countdown-unit\"><span class=\"ws-countdown-value\" data-unit=\"minutes\">00<\/span><span class=\"ws-countdown-label\">Minuti<\/span><\/div><div class=\"ws-countdown-separator\">:<\/div><div class=\"ws-countdown-unit\"><span class=\"ws-countdown-value\" data-unit=\"seconds\">00<\/span><span class=\"ws-countdown-label\">Secondi<\/span><\/div><\/div><\/div><\/div>\n\n<div class=\"wp-block-ws-library-ws-title\"><h2>L&#8217;evento ciclistico di Ubaye<\/h2><\/div>\n\n<div class=\"wp-block-ws-library-ws-columns alignwide has-2-columns are-vertically-aligned-center layout-5050 is-style-background-white\">\n<div class=\"wp-block-ws-library-ws-column\"><div class=\"wrapper\">\n<p><strong>Un&#8217;esperienza unica nel cuore del Parco Nazionale del Mercantour<\/strong><\/p>\n\n\n\n<p>Tra luci abbaglianti e vette vertiginose, questo nuovo ciclosportivo ti invita a immergerti in una delle zone pi\u00f9 belle delle Alpi.<\/p>\n\n\n\n<p>Ci sono percorsi adatti a tutti i livelli e a tutti i gusti. Da Pra Loup ai leggendari Col d&#8217;Allos e Col de la Cayolle, scopri un ambiente autentico, dove si incontrano natura selvaggia e panorami eccezionali.<\/p>\n\n\n\n<p>Nel cuore di questo ambiente incontaminato, ogni pedalata diventa un&#8217;esperienza. Qui sei pi\u00f9 che un semplice partecipante: sei un ospite, chiamato a vivere appieno il momento, nel rispetto di questo territorio unico!<\/p>\n<\/div><\/div>\n\n\n\n<div class=\"wp-block-ws-library-ws-column\"><div class=\"wrapper\">\n<div class=\"wp-block-ws-library-ws-image\"><div class=\"wrapper\"><div class=\"group-media\"><a href=\"https:\/\/www.gfpraloup.com\/wp-content\/uploads\/2026\/03\/gfst26-ecran-624-x-416-px-1.jpg\" data-glightbox=\"true\" class=\"lightbox-trigger\"><img decoding=\"async\" src=\"https:\/\/www.gfpraloup.com\/wp-content\/uploads\/2026\/03\/gfst26-ecran-624-x-416-px-1-855x570.jpg\" alt=\"\" class=\"single_image ws-image-304\"><\/a><div class=\"credits\"><\/div><\/div><p class=\"caption\"><\/p><\/div><\/div>\n<\/div><\/div>\n<\/div>\n\n<div style=\"height:100px\" aria-hidden=\"true\" class=\"wp-block-spacer\"><\/div>\n\n<h2 class=\"wp-block-heading\">3 itinerari nel <strong>Parco Nazionale del Mercantour<\/strong><\/h2>\n\n<p class=\"has-text-align-center\">Col d&#8217;Allos, Col des Champs, Col de la Cayolle, tre passi leggendari ti aspettano sulla GF PraLoup!  <\/p>\n\n<p class=\"has-text-align-center\">Tre percorsi per tutti i gusti e i desideri, con un percorso accessibile per un assaggio delle gioie del ciclosport, un percorso intermedio per una grande ciclosportiva in montagna e un percorso per ciclisti esperti, per chi vuole vivere una vera tappa di montagna dall&#8217;interno!  <\/p>\n\n<div class=\"wp-block-group alignwide is-content-justification-left is-nowrap is-layout-flex wp-container-core-group-is-layout-fc9f69e7 wp-block-group-is-layout-flex\">\n<div class=\"wp-block-group has-global-padding is-layout-constrained wp-block-group-is-layout-constrained\">\n<div class=\"wp-block-ws-library-ws-image\"><div class=\"wrapper\"><div class=\"group-media\"><img decoding=\"async\" src=\"https:\/\/www.gfpraloup.com\/wp-content\/uploads\/2026\/03\/col-des-champs-colmars-142227-1024x0-1-900x570.jpg\" alt=\"\" class=\"single_image ws-image-437\"><div class=\"credits\"><\/div><\/div><p class=\"caption\"><\/p><\/div><\/div>\n\n\n\n<div class=\"wp-block-ws-library-ws-title\"><h4>Piccolo Fondo<br>38km e 950m D+ (dislivello)<\/h4><\/div>\n\n\n\n<div class=\"wp-block-ws-library-ws-button has-text-align-center\"><a href=\"https:\/\/www.gfpraloup.com\/it\/corso\/\" class=\"wp-block-button__link wp-element-button btn\">  MAGGIORI INFORMAZIONI<\/a><\/div>\n<\/div>\n\n\n\n<div class=\"wp-block-group has-global-padding is-layout-constrained wp-block-group-is-layout-constrained\">\n<div class=\"wp-block-ws-library-ws-image\"><div class=\"wrapper\"><div class=\"group-media\"><img decoding=\"async\" src=\"https:\/\/www.gfpraloup.com\/wp-content\/uploads\/2026\/03\/235-4-22349035-1-900x570.webp\" alt=\"\" class=\"single_image ws-image-350\"><div class=\"credits\"><\/div><\/div><p class=\"caption\"><\/p><\/div><\/div>\n\n\n\n<div class=\"wp-block-ws-library-ws-title\"><h4>Medio Fondo<br>84km e 2.400m D+ (dislivello)<\/h4><\/div>\n\n\n\n<div class=\"wp-block-ws-library-ws-button has-text-align-center\"><a href=\"https:\/\/www.gfpraloup.com\/it\/corso\/\" class=\"wp-block-button__link wp-element-button btn\">  MAGGIORI INFORMAZIONI<\/a><\/div>\n<\/div>\n\n\n\n<div class=\"wp-block-group has-global-padding is-layout-constrained wp-block-group-is-layout-constrained\">\n<div class=\"wp-block-ws-library-ws-image\"><div class=\"wrapper\"><div class=\"group-media\"><img decoding=\"async\" src=\"https:\/\/www.gfpraloup.com\/wp-content\/uploads\/2026\/03\/col-des-champs-colmars-142226-1024x0-1-900x570.jpg\" alt=\"\" class=\"single_image ws-image-494\"><div class=\"credits\"><\/div><\/div><p class=\"caption\"><\/p><\/div><\/div>\n\n\n\n<div class=\"wp-block-ws-library-ws-title\"><h4>Gran Fondo<br>150km e 4.300m D+ (dislivello)<\/h4><\/div>\n\n\n\n<div class=\"wp-block-ws-library-ws-button has-text-align-center\"><a href=\"https:\/\/www.gfpraloup.com\/it\/corso\/\" class=\"wp-block-button__link wp-element-button btn\">  MAGGIORI INFORMAZIONI<\/a><\/div>\n<\/div>\n<\/div>\n\n<div style=\"height:100px\" aria-hidden=\"true\" class=\"wp-block-spacer\"><\/div>\n\n<h2 class=\"wp-block-heading\">Registrazione <strong>online<\/strong><\/h2>\n\n<p class=\"has-text-align-center\">Le iscrizioni si aprono alle ore 12.00 del 27 marzo 2026!  <\/p>\n\n<p class=\"has-text-align-center\">\u00c8 il momento di regalarsi e di approfittare delle nostre tariffe speciali!  <\/p>\n\n<div class=\"wp-block-ws-library-ws-button has-text-align-center\"><a href=\"https:\/\/www.gfpraloup.com\/it\/registrazioni\/\" class=\"wp-block-button__link wp-element-button btn\">  MI REGISTRO<\/a><\/div>\n\n<div style=\"height:100px\" aria-hidden=\"true\" class=\"wp-block-spacer\"><\/div>\n\n<div class=\"wp-block-group alignfull section-socialwall has-global-padding is-layout-constrained wp-block-group-is-layout-constrained\">\n<div class=\"wp-block-group alignfull group-content has-global-padding is-layout-constrained wp-block-group-is-layout-constrained\">\n<div class=\"wp-block-ws-library-ws-title\"><h2>GF PraLoup<br><strong>26 luglio 2026<\/strong><\/h2><\/div>\n\n\n\n<p class=\"has-text-align-center\">Informati, condividi e divertiti: segui tutte le novit\u00e0 dell&#8217;evento ciclistico della valle dell&#8217;Ubaye<\/p>\n\n\n\n<div class=\"wp-block-ws-library-ws-html\"><div><p class=\"link-contact picto picto-black--instagram\"><a href=\"https:\/\/www.instagram.com\/gf.praloup\/\" rel=\"external nofollow noopener nofollow\" target=\"_blank\">Instagram<\/a><\/p><\/div><\/div>\n<\/div>\n\n\n\n<div class=\"wp-block-ws-library-ws-socialwall alignfull\"><div data-selection=\"2766897\" id=\"ws-socialwall\" data-design=\"38\">Caricamento del Social Wall &#8230;<\/div><script src=\"https:\/\/social-wall.websenso.com\/socialwall3.0.js\" defer><\/script><\/div>\n<\/div>\n\n<p><\/p>\n","protected":false},"excerpt":{"rendered":"<p>3 itinerari nel Parco Nazionale del Mercantour Col d&#8217;Allos, Col des Champs, Col de la Cayolle, tre passi leggendari ti aspettano sulla GF PraLoup! Tre percorsi per tutti i gusti e i desideri, con un percorso accessibile per un assaggio delle gioie del ciclosport, un percorso intermedio per una grande ciclosportiva in montagna e un [&hellip;]<\/p>\n","protected":false},"author":1,"featured_media":0,"parent":0,"menu_order":0,"comment_status":"closed","ping_status":"closed","template":"","meta":{"menu_page_1":"","menu_page_2":"","footnotes":""},"class_list":["post-291","page","type-page","status-publish","hentry"],"yoast_head":"<!-- This site is optimized with the Yoast SEO plugin v27.2 - https:\/\/yoast.com\/product\/yoast-seo-wordpress\/ -->\n<title>GF PraLoup - L&#039;evento ciclistico dell&#039;Ubaye - 26 luglio 2026 - GF PraLoup<\/title>\n<meta name=\"robots\" content=\"index, follow, max-snippet:-1, max-image-preview:large, max-video-preview:-1\" \/>\n<link rel=\"canonical\" href=\"https:\/\/www.gfpraloup.com\/it\/\" \/>\n<meta property=\"og:locale\" content=\"it_IT\" \/>\n<meta property=\"og:type\" content=\"article\" \/>\n<meta property=\"og:title\" content=\"GF PraLoup - L&#039;evento ciclistico dell&#039;Ubaye - 26 luglio 2026 - GF PraLoup\" \/>\n<meta property=\"og:description\" content=\"3 itinerari nel Parco Nazionale del Mercantour Col d&#8217;Allos, Col des Champs, Col de la Cayolle, tre passi leggendari ti aspettano sulla GF PraLoup! Tre percorsi per tutti i gusti e i desideri, con un percorso accessibile per un assaggio delle gioie del ciclosport, un percorso intermedio per una grande ciclosportiva in montagna e un [&hellip;]\" \/>\n<meta property=\"og:url\" content=\"https:\/\/www.gfpraloup.com\/it\/\" \/>\n<meta property=\"og:site_name\" content=\"GF PraLoup\" \/>\n<meta property=\"article:modified_time\" content=\"2026-03-27T10:59:08+00:00\" \/>\n<meta property=\"og:image\" content=\"https:\/\/www.gfpraloup.com\/wp-content\/uploads\/2026\/03\/gfst26-ecran-624-x-416-px-1-855x570.jpg\" \/>\n<meta name=\"twitter:card\" content=\"summary_large_image\" \/>\n<meta name=\"twitter:label1\" content=\"Tempo di lettura stimato\" \/>\n\t<meta name=\"twitter:data1\" content=\"1 minuto\" \/>\n<script type=\"application\/ld+json\" class=\"yoast-schema-graph\">{\"@context\":\"https:\/\/schema.org\",\"@graph\":[{\"@type\":\"WebPage\",\"@id\":\"https:\/\/www.gfpraloup.com\/it\/\",\"url\":\"https:\/\/www.gfpraloup.com\/it\/\",\"name\":\"GF PraLoup - L'evento ciclistico dell'Ubaye - 26 luglio 2026 - GF PraLoup\",\"isPartOf\":{\"@id\":\"https:\/\/gfpraloup.websenso.dev\/#website\"},\"primaryImageOfPage\":{\"@id\":\"https:\/\/www.gfpraloup.com\/it\/#primaryimage\"},\"image\":{\"@id\":\"https:\/\/www.gfpraloup.com\/it\/#primaryimage\"},\"thumbnailUrl\":\"https:\/\/www.gfpraloup.com\/wp-content\/uploads\/2026\/03\/gfst26-ecran-624-x-416-px-1-855x570.jpg\",\"datePublished\":\"2026-03-23T09:58:42+00:00\",\"dateModified\":\"2026-03-27T10:59:08+00:00\",\"breadcrumb\":{\"@id\":\"https:\/\/www.gfpraloup.com\/it\/#breadcrumb\"},\"inLanguage\":\"it-IT\",\"potentialAction\":[{\"@type\":\"ReadAction\",\"target\":[\"https:\/\/www.gfpraloup.com\/it\/\"]}]},{\"@type\":\"ImageObject\",\"inLanguage\":\"it-IT\",\"@id\":\"https:\/\/www.gfpraloup.com\/it\/#primaryimage\",\"url\":\"https:\/\/www.gfpraloup.com\/wp-content\/uploads\/2026\/03\/gfst26-ecran-624-x-416-px-1-855x570.jpg\",\"contentUrl\":\"https:\/\/www.gfpraloup.com\/wp-content\/uploads\/2026\/03\/gfst26-ecran-624-x-416-px-1-855x570.jpg\"},{\"@type\":\"BreadcrumbList\",\"@id\":\"https:\/\/www.gfpraloup.com\/it\/#breadcrumb\",\"itemListElement\":[{\"@type\":\"ListItem\",\"position\":1,\"name\":\"Accueil\",\"item\":\"https:\/\/www.gfpraloup.com\/it\/\"},{\"@type\":\"ListItem\",\"position\":2,\"name\":\"GF PraLoup - L&#8217;evento ciclistico dell&#8217;Ubaye - 26 luglio 2026\"}]},{\"@type\":\"WebSite\",\"@id\":\"https:\/\/gfpraloup.websenso.dev\/#website\",\"url\":\"https:\/\/gfpraloup.websenso.dev\/\",\"name\":\"GF PraLoup\",\"description\":\"L&#039;\u00e9v\u00e9nement cyclo de l&#039;Ubaye : 26 juillet 2026\",\"publisher\":{\"@id\":\"https:\/\/gfpraloup.websenso.dev\/#organization\"},\"potentialAction\":[{\"@type\":\"SearchAction\",\"target\":{\"@type\":\"EntryPoint\",\"urlTemplate\":\"https:\/\/gfpraloup.websenso.dev\/?s={search_term_string}\"},\"query-input\":{\"@type\":\"PropertyValueSpecification\",\"valueRequired\":true,\"valueName\":\"search_term_string\"}}],\"inLanguage\":\"it-IT\"},{\"@type\":\"Organization\",\"@id\":\"https:\/\/gfpraloup.websenso.dev\/#organization\",\"name\":\"GF PraLoup\",\"url\":\"https:\/\/gfpraloup.websenso.dev\/\",\"logo\":{\"@type\":\"ImageObject\",\"inLanguage\":\"it-IT\",\"@id\":\"https:\/\/gfpraloup.websenso.dev\/#\/schema\/logo\/image\/\",\"url\":\"https:\/\/www.gfpraloup.com\/wp-content\/uploads\/2026\/03\/gf-praloup-logos-01.svg\",\"contentUrl\":\"https:\/\/www.gfpraloup.com\/wp-content\/uploads\/2026\/03\/gf-praloup-logos-01.svg\",\"caption\":\"GF PraLoup\"},\"image\":{\"@id\":\"https:\/\/gfpraloup.websenso.dev\/#\/schema\/logo\/image\/\"},\"email\":\"info@praloup.com\",\"address\":{\"@type\":\"PostalAddress\",\"streetAddress\":\"Maison du tourisme\",\"addressLocality\":\"Pra Loup\",\"postalCode\":\"04400\",\"addressCountry\":\"France\"},\"geo\":{\"@type\":\"GeoCoordinates\",\"latitude\":44.370059,\"longitude\":6.600973}}]}<\/script>\n<!-- \/ Yoast SEO plugin. -->","yoast_head_json":{"title":"GF PraLoup - L'evento ciclistico dell'Ubaye - 26 luglio 2026 - GF PraLoup","robots":{"index":"index","follow":"follow","max-snippet":"max-snippet:-1","max-image-preview":"max-image-preview:large","max-video-preview":"max-video-preview:-1"},"canonical":"https:\/\/www.gfpraloup.com\/it\/","og_locale":"it_IT","og_type":"article","og_title":"GF PraLoup - L'evento ciclistico dell'Ubaye - 26 luglio 2026 - GF PraLoup","og_description":"3 itinerari nel Parco Nazionale del Mercantour Col d&#8217;Allos, Col des Champs, Col de la Cayolle, tre passi leggendari ti aspettano sulla GF PraLoup! Tre percorsi per tutti i gusti e i desideri, con un percorso accessibile per un assaggio delle gioie del ciclosport, un percorso intermedio per una grande ciclosportiva in montagna e un [&hellip;]","og_url":"https:\/\/www.gfpraloup.com\/it\/","og_site_name":"GF PraLoup","article_modified_time":"2026-03-27T10:59:08+00:00","og_image":[{"url":"https:\/\/www.gfpraloup.com\/wp-content\/uploads\/2026\/03\/gfst26-ecran-624-x-416-px-1-855x570.jpg","type":"","width":"","height":""}],"twitter_card":"summary_large_image","twitter_misc":{"Tempo di lettura stimato":"1 minuto"},"schema":{"@context":"https:\/\/schema.org","@graph":[{"@type":"WebPage","@id":"https:\/\/www.gfpraloup.com\/it\/","url":"https:\/\/www.gfpraloup.com\/it\/","name":"GF PraLoup - L'evento ciclistico dell'Ubaye - 26 luglio 2026 - GF PraLoup","isPartOf":{"@id":"https:\/\/gfpraloup.websenso.dev\/#website"},"primaryImageOfPage":{"@id":"https:\/\/www.gfpraloup.com\/it\/#primaryimage"},"image":{"@id":"https:\/\/www.gfpraloup.com\/it\/#primaryimage"},"thumbnailUrl":"https:\/\/www.gfpraloup.com\/wp-content\/uploads\/2026\/03\/gfst26-ecran-624-x-416-px-1-855x570.jpg","datePublished":"2026-03-23T09:58:42+00:00","dateModified":"2026-03-27T10:59:08+00:00","breadcrumb":{"@id":"https:\/\/www.gfpraloup.com\/it\/#breadcrumb"},"inLanguage":"it-IT","potentialAction":[{"@type":"ReadAction","target":["https:\/\/www.gfpraloup.com\/it\/"]}]},{"@type":"ImageObject","inLanguage":"it-IT","@id":"https:\/\/www.gfpraloup.com\/it\/#primaryimage","url":"https:\/\/www.gfpraloup.com\/wp-content\/uploads\/2026\/03\/gfst26-ecran-624-x-416-px-1-855x570.jpg","contentUrl":"https:\/\/www.gfpraloup.com\/wp-content\/uploads\/2026\/03\/gfst26-ecran-624-x-416-px-1-855x570.jpg"},{"@type":"BreadcrumbList","@id":"https:\/\/www.gfpraloup.com\/it\/#breadcrumb","itemListElement":[{"@type":"ListItem","position":1,"name":"Accueil","item":"https:\/\/www.gfpraloup.com\/it\/"},{"@type":"ListItem","position":2,"name":"GF PraLoup - L&#8217;evento ciclistico dell&#8217;Ubaye - 26 luglio 2026"}]},{"@type":"WebSite","@id":"https:\/\/gfpraloup.websenso.dev\/#website","url":"https:\/\/gfpraloup.websenso.dev\/","name":"GF PraLoup","description":"L&#039;\u00e9v\u00e9nement cyclo de l&#039;Ubaye : 26 juillet 2026","publisher":{"@id":"https:\/\/gfpraloup.websenso.dev\/#organization"},"potentialAction":[{"@type":"SearchAction","target":{"@type":"EntryPoint","urlTemplate":"https:\/\/gfpraloup.websenso.dev\/?s={search_term_string}"},"query-input":{"@type":"PropertyValueSpecification","valueRequired":true,"valueName":"search_term_string"}}],"inLanguage":"it-IT"},{"@type":"Organization","@id":"https:\/\/gfpraloup.websenso.dev\/#organization","name":"GF PraLoup","url":"https:\/\/gfpraloup.websenso.dev\/","logo":{"@type":"ImageObject","inLanguage":"it-IT","@id":"https:\/\/gfpraloup.websenso.dev\/#\/schema\/logo\/image\/","url":"https:\/\/www.gfpraloup.com\/wp-content\/uploads\/2026\/03\/gf-praloup-logos-01.svg","contentUrl":"https:\/\/www.gfpraloup.com\/wp-content\/uploads\/2026\/03\/gf-praloup-logos-01.svg","caption":"GF PraLoup"},"image":{"@id":"https:\/\/gfpraloup.websenso.dev\/#\/schema\/logo\/image\/"},"email":"info@praloup.com","address":{"@type":"PostalAddress","streetAddress":"Maison du tourisme","addressLocality":"Pra Loup","postalCode":"04400","addressCountry":"France"},"geo":{"@type":"GeoCoordinates","latitude":44.370059,"longitude":6.600973}}]}},"_links":{"self":[{"href":"https:\/\/www.gfpraloup.com\/it\/wp-json\/wp\/v2\/pages\/291","targetHints":{"allow":["GET"]}}],"collection":[{"href":"https:\/\/www.gfpraloup.com\/it\/wp-json\/wp\/v2\/pages"}],"about":[{"href":"https:\/\/www.gfpraloup.com\/it\/wp-json\/wp\/v2\/types\/page"}],"author":[{"embeddable":true,"href":"https:\/\/www.gfpraloup.com\/it\/wp-json\/wp\/v2\/users\/1"}],"replies":[{"embeddable":true,"href":"https:\/\/www.gfpraloup.com\/it\/wp-json\/wp\/v2\/comments?post=291"}],"version-history":[{"count":19,"href":"https:\/\/www.gfpraloup.com\/it\/wp-json\/wp\/v2\/pages\/291\/revisions"}],"predecessor-version":[{"id":1072,"href":"https:\/\/www.gfpraloup.com\/it\/wp-json\/wp\/v2\/pages\/291\/revisions\/1072"}],"wp:attachment":[{"href":"https:\/\/www.gfpraloup.com\/it\/wp-json\/wp\/v2\/media?parent=291"}],"curies":[{"name":"wp","href":"https:\/\/api.w.org\/{rel}","templated":true}]}}