{"id":293,"date":"2026-03-23T10:58:42","date_gmt":"2026-03-23T09:58:42","guid":{"rendered":"https:\/\/www.gfpraloup.com\/home\/"},"modified":"2026-03-27T11:59:01","modified_gmt":"2026-03-27T10:59:01","slug":"home","status":"publish","type":"page","link":"https:\/\/www.gfpraloup.com\/en\/","title":{"rendered":"GF PraLoup &#8211; The Ubaye Cycling Event &#8211; July 26, 2026"},"content":{"rendered":"\n<div class=\"wp-block-ws-library-ws-header-principal is-layout-constrained alignfull\"><div class=\"alignfull\">\n<figure class=\"wp-block-video group-media\"><video autoplay=\"\" loop=\"\" muted=\"\" src=\"https:\/\/www.gfpraloup.com\/wp-content\/uploads\/2026\/03\/gf-praloup-video-site-internet.mp4\" playsinline=\"\"><\/video><\/figure>\n<div class=\"group-content\"><div class=\"title\"><h1>GF PraLoup<br><strong>July 26, 2026<\/strong><\/h1><\/div><\/div><\/div><\/div>\n\n<div class=\"wp-block-ws-library-ws-countdown\"><div class=\"ws-countdown-wrapper\" data-target-date=\"2026-07-26T08:00:00\" data-expired-message=\"L'\u00e9v\u00e9nement est termin\u00e9.\"><div class=\"ws-countdown-timer\" aria-live=\"polite\"><div class=\"ws-countdown-unit\"><span class=\"ws-countdown-value\" data-unit=\"days\">00<\/span><span class=\"ws-countdown-label\">Days<\/span><\/div><div class=\"ws-countdown-separator\">:<\/div><div class=\"ws-countdown-unit\"><span class=\"ws-countdown-value\" data-unit=\"hours\">00<\/span><span class=\"ws-countdown-label\">Hours<\/span><\/div><div class=\"ws-countdown-separator\">:<\/div><div class=\"ws-countdown-unit\"><span class=\"ws-countdown-value\" data-unit=\"minutes\">00<\/span><span class=\"ws-countdown-label\">Minutes<\/span><\/div><div class=\"ws-countdown-separator\">:<\/div><div class=\"ws-countdown-unit\"><span class=\"ws-countdown-value\" data-unit=\"seconds\">00<\/span><span class=\"ws-countdown-label\">Seconds<\/span><\/div><\/div><\/div><\/div>\n\n<div class=\"wp-block-ws-library-ws-title\"><h2>The Ubaye cyclo event<\/h2><\/div>\n\n<div class=\"wp-block-ws-library-ws-columns alignwide has-2-columns are-vertically-aligned-center layout-5050 is-style-background-white\">\n<div class=\"wp-block-ws-library-ws-column\"><div class=\"wrapper\">\n<p><strong>A unique experience in the heart of the Mercantour National Park<\/strong><\/p>\n\n\n\n<p>Between dazzling light and vertiginous peaks, this new cyclosportive invites you to immerse yourself in one of the most beautiful areas of the Alps.<\/p>\n\n\n\n<p>Courses designed for all levels and tastes await you. From Pra Loup to the mythical Col d&#8217;Allos and Col de la Cayolle, discover an authentic environment, where raw nature and exceptional panoramas meet.<\/p>\n\n\n\n<p>In the heart of this unspoilt setting, every pedal stroke becomes an experience. Here, you&#8217;re more than a participant: you&#8217;re a guest, called upon to live the moment to the full, with respect for this unique territory!<\/p>\n<\/div><\/div>\n\n\n\n<div class=\"wp-block-ws-library-ws-column\"><div class=\"wrapper\">\n<div class=\"wp-block-ws-library-ws-image\"><div class=\"wrapper\"><div class=\"group-media\"><a href=\"https:\/\/www.gfpraloup.com\/wp-content\/uploads\/2026\/03\/gfst26-ecran-624-x-416-px-1.jpg\" data-glightbox=\"true\" class=\"lightbox-trigger\"><img decoding=\"async\" src=\"https:\/\/www.gfpraloup.com\/wp-content\/uploads\/2026\/03\/gfst26-ecran-624-x-416-px-1-855x570.jpg\" alt=\"\" class=\"single_image ws-image-304\"><\/a><div class=\"credits\"><\/div><\/div><p class=\"caption\"><\/p><\/div><\/div>\n<\/div><\/div>\n<\/div>\n\n<div style=\"height:100px\" aria-hidden=\"true\" class=\"wp-block-spacer\"><\/div>\n\n<h2 class=\"wp-block-heading\">3 routes in the <strong>Mercantour National Park<\/strong><\/h2>\n\n<p class=\"has-text-align-center\">Col d&#8217;Allos, Col des Champs, Col de la Cayolle &#8211; three legendary passes await you on the GF PraLoup!  <\/p>\n\n<p class=\"has-text-align-center\">Three routes to suit all tastes and desires, with an accessible route for a taste of the joys of cyclosport, an intermediate route for a great cyclosportive in the mountains and a route for seasoned cyclists, for those who want to experience a real mountain stage from the inside!  <\/p>\n\n<div class=\"wp-block-group alignwide is-content-justification-left is-nowrap is-layout-flex wp-container-core-group-is-layout-fc9f69e7 wp-block-group-is-layout-flex\">\n<div class=\"wp-block-group has-global-padding is-layout-constrained wp-block-group-is-layout-constrained\">\n<div class=\"wp-block-ws-library-ws-image\"><div class=\"wrapper\"><div class=\"group-media\"><img decoding=\"async\" src=\"https:\/\/www.gfpraloup.com\/wp-content\/uploads\/2026\/03\/col-des-champs-colmars-142227-1024x0-1-900x570.jpg\" alt=\"\" class=\"single_image ws-image-437\"><div class=\"credits\"><\/div><\/div><p class=\"caption\"><\/p><\/div><\/div>\n\n\n\n<div class=\"wp-block-ws-library-ws-title\"><h4>Piccolo Fondo<br>38km &amp; 950m D+ (960ft)<\/h4><\/div>\n\n\n\n<div class=\"wp-block-ws-library-ws-button has-text-align-center\"><a href=\"https:\/\/www.gfpraloup.com\/en\/course\/\" class=\"wp-block-button__link wp-element-button btn\">  MORE INFO<\/a><\/div>\n<\/div>\n\n\n\n<div class=\"wp-block-group has-global-padding is-layout-constrained wp-block-group-is-layout-constrained\">\n<div class=\"wp-block-ws-library-ws-image\"><div class=\"wrapper\"><div class=\"group-media\"><img decoding=\"async\" src=\"https:\/\/www.gfpraloup.com\/wp-content\/uploads\/2026\/03\/235-4-22349035-1-900x570.webp\" alt=\"\" class=\"single_image ws-image-350\"><div class=\"credits\"><\/div><\/div><p class=\"caption\"><\/p><\/div><\/div>\n\n\n\n<div class=\"wp-block-ws-library-ws-title\"><h4>Medio Fondo<br>84km &amp; 2,400m D+ (4,500ft)<\/h4><\/div>\n\n\n\n<div class=\"wp-block-ws-library-ws-button has-text-align-center\"><a href=\"https:\/\/www.gfpraloup.com\/en\/course\/\" class=\"wp-block-button__link wp-element-button btn\">  MORE INFO<\/a><\/div>\n<\/div>\n\n\n\n<div class=\"wp-block-group has-global-padding is-layout-constrained wp-block-group-is-layout-constrained\">\n<div class=\"wp-block-ws-library-ws-image\"><div class=\"wrapper\"><div class=\"group-media\"><img decoding=\"async\" src=\"https:\/\/www.gfpraloup.com\/wp-content\/uploads\/2026\/03\/col-des-champs-colmars-142226-1024x0-1-900x570.jpg\" alt=\"\" class=\"single_image ws-image-494\"><div class=\"credits\"><\/div><\/div><p class=\"caption\"><\/p><\/div><\/div>\n\n\n\n<div class=\"wp-block-ws-library-ws-title\"><h4>Gran Fondo<br>150km &amp; 4,300m D+ (4,300ft D+)<\/h4><\/div>\n\n\n\n<div class=\"wp-block-ws-library-ws-button has-text-align-center\"><a href=\"https:\/\/www.gfpraloup.com\/en\/course\/\" class=\"wp-block-button__link wp-element-button btn\">  MORE INFO<\/a><\/div>\n<\/div>\n<\/div>\n\n<div style=\"height:100px\" aria-hidden=\"true\" class=\"wp-block-spacer\"><\/div>\n\n<h2 class=\"wp-block-heading\"><strong>Online<\/strong> registration<\/h2>\n\n<p class=\"has-text-align-center\">Entries have been open since March 27, 2026 at 12:00 noon!  <\/p>\n\n<p class=\"has-text-align-center\">It&#8217;s time to treat yourself and take advantage of preferential rates!  <\/p>\n\n<div class=\"wp-block-ws-library-ws-button has-text-align-center\"><a href=\"https:\/\/www.gfpraloup.com\/en\/registrations\/\" class=\"wp-block-button__link wp-element-button btn\">  I REGISTER<\/a><\/div>\n\n<div style=\"height:100px\" aria-hidden=\"true\" class=\"wp-block-spacer\"><\/div>\n\n<div class=\"wp-block-group alignfull section-socialwall has-global-padding is-layout-constrained wp-block-group-is-layout-constrained\">\n<div class=\"wp-block-group alignfull group-content has-global-padding is-layout-constrained wp-block-group-is-layout-constrained\">\n<div class=\"wp-block-ws-library-ws-title\"><h2>GF PraLoup<br><strong>July 26, 2026<\/strong><\/h2><\/div>\n\n\n\n<p class=\"has-text-align-center\">Get informed, share, enjoy: follow all the news from the Ubaye valley cycling event.<\/p>\n\n\n\n<div class=\"wp-block-ws-library-ws-html\"><div><p class=\"link-contact picto picto-black--instagram\"><a href=\"https:\/\/www.instagram.com\/gf.praloup\/\" rel=\"external nofollow noopener nofollow\" target=\"_blank\">Instagram<\/a><\/p><\/div><\/div>\n<\/div>\n\n\n\n<div class=\"wp-block-ws-library-ws-socialwall alignfull\"><div data-selection=\"2766897\" id=\"ws-socialwall\" data-design=\"38\">Loading the Social Wall &#8230;<\/div><script src=\"https:\/\/social-wall.websenso.com\/socialwall3.0.js\" defer><\/script><\/div>\n<\/div>\n\n<p><\/p>\n","protected":false},"excerpt":{"rendered":"<p>3 routes in the Mercantour National Park Col d&#8217;Allos, Col des Champs, Col de la Cayolle &#8211; three legendary passes await you on the GF PraLoup! Three routes to suit all tastes and desires, with an accessible route for a taste of the joys of cyclosport, an intermediate route for a great cyclosportive in the [&hellip;]<\/p>\n","protected":false},"author":1,"featured_media":0,"parent":0,"menu_order":0,"comment_status":"closed","ping_status":"closed","template":"","meta":{"menu_page_1":"","menu_page_2":"","footnotes":""},"class_list":["post-293","page","type-page","status-publish","hentry"],"yoast_head":"<!-- This site is optimized with the Yoast SEO plugin v27.2 - https:\/\/yoast.com\/product\/yoast-seo-wordpress\/ -->\n<title>GF PraLoup - The Ubaye Cycling Event - July 26, 2026 - GF PraLoup<\/title>\n<meta name=\"robots\" content=\"index, follow, max-snippet:-1, max-image-preview:large, max-video-preview:-1\" \/>\n<link rel=\"canonical\" href=\"https:\/\/www.gfpraloup.com\/en\/\" \/>\n<meta property=\"og:locale\" content=\"en_US\" \/>\n<meta property=\"og:type\" content=\"article\" \/>\n<meta property=\"og:title\" content=\"GF PraLoup - The Ubaye Cycling Event - July 26, 2026 - GF PraLoup\" \/>\n<meta property=\"og:description\" content=\"3 routes in the Mercantour National Park Col d&#8217;Allos, Col des Champs, Col de la Cayolle &#8211; three legendary passes await you on the GF PraLoup! Three routes to suit all tastes and desires, with an accessible route for a taste of the joys of cyclosport, an intermediate route for a great cyclosportive in the [&hellip;]\" \/>\n<meta property=\"og:url\" content=\"https:\/\/www.gfpraloup.com\/en\/\" \/>\n<meta property=\"og:site_name\" content=\"GF PraLoup\" \/>\n<meta property=\"article:modified_time\" content=\"2026-03-27T10:59:01+00:00\" \/>\n<meta property=\"og:image\" content=\"https:\/\/www.gfpraloup.com\/wp-content\/uploads\/2026\/03\/gfst26-ecran-624-x-416-px-1-855x570.jpg\" \/>\n<meta name=\"twitter:card\" content=\"summary_large_image\" \/>\n<meta name=\"twitter:label1\" content=\"Est. reading time\" \/>\n\t<meta name=\"twitter:data1\" content=\"1 minute\" \/>\n<script type=\"application\/ld+json\" class=\"yoast-schema-graph\">{\"@context\":\"https:\/\/schema.org\",\"@graph\":[{\"@type\":\"WebPage\",\"@id\":\"https:\/\/www.gfpraloup.com\/en\/\",\"url\":\"https:\/\/www.gfpraloup.com\/en\/\",\"name\":\"GF PraLoup - The Ubaye Cycling Event - July 26, 2026 - GF PraLoup\",\"isPartOf\":{\"@id\":\"https:\/\/gfpraloup.websenso.dev\/#website\"},\"primaryImageOfPage\":{\"@id\":\"https:\/\/www.gfpraloup.com\/en\/#primaryimage\"},\"image\":{\"@id\":\"https:\/\/www.gfpraloup.com\/en\/#primaryimage\"},\"thumbnailUrl\":\"https:\/\/www.gfpraloup.com\/wp-content\/uploads\/2026\/03\/gfst26-ecran-624-x-416-px-1-855x570.jpg\",\"datePublished\":\"2026-03-23T09:58:42+00:00\",\"dateModified\":\"2026-03-27T10:59:01+00:00\",\"breadcrumb\":{\"@id\":\"https:\/\/www.gfpraloup.com\/en\/#breadcrumb\"},\"inLanguage\":\"en-US\",\"potentialAction\":[{\"@type\":\"ReadAction\",\"target\":[\"https:\/\/www.gfpraloup.com\/en\/\"]}]},{\"@type\":\"ImageObject\",\"inLanguage\":\"en-US\",\"@id\":\"https:\/\/www.gfpraloup.com\/en\/#primaryimage\",\"url\":\"https:\/\/www.gfpraloup.com\/wp-content\/uploads\/2026\/03\/gfst26-ecran-624-x-416-px-1-855x570.jpg\",\"contentUrl\":\"https:\/\/www.gfpraloup.com\/wp-content\/uploads\/2026\/03\/gfst26-ecran-624-x-416-px-1-855x570.jpg\"},{\"@type\":\"BreadcrumbList\",\"@id\":\"https:\/\/www.gfpraloup.com\/en\/#breadcrumb\",\"itemListElement\":[{\"@type\":\"ListItem\",\"position\":1,\"name\":\"Accueil\",\"item\":\"https:\/\/www.gfpraloup.com\/en\/\"},{\"@type\":\"ListItem\",\"position\":2,\"name\":\"GF PraLoup &#8211; The Ubaye Cycling Event &#8211; July 26, 2026\"}]},{\"@type\":\"WebSite\",\"@id\":\"https:\/\/gfpraloup.websenso.dev\/#website\",\"url\":\"https:\/\/gfpraloup.websenso.dev\/\",\"name\":\"GF PraLoup\",\"description\":\"L&#039;\u00e9v\u00e9nement cyclo de l&#039;Ubaye : 26 juillet 2026\",\"publisher\":{\"@id\":\"https:\/\/gfpraloup.websenso.dev\/#organization\"},\"potentialAction\":[{\"@type\":\"SearchAction\",\"target\":{\"@type\":\"EntryPoint\",\"urlTemplate\":\"https:\/\/gfpraloup.websenso.dev\/?s={search_term_string}\"},\"query-input\":{\"@type\":\"PropertyValueSpecification\",\"valueRequired\":true,\"valueName\":\"search_term_string\"}}],\"inLanguage\":\"en-US\"},{\"@type\":\"Organization\",\"@id\":\"https:\/\/gfpraloup.websenso.dev\/#organization\",\"name\":\"GF PraLoup\",\"url\":\"https:\/\/gfpraloup.websenso.dev\/\",\"logo\":{\"@type\":\"ImageObject\",\"inLanguage\":\"en-US\",\"@id\":\"https:\/\/gfpraloup.websenso.dev\/#\/schema\/logo\/image\/\",\"url\":\"https:\/\/www.gfpraloup.com\/wp-content\/uploads\/2026\/03\/gf-praloup-logos-01.svg\",\"contentUrl\":\"https:\/\/www.gfpraloup.com\/wp-content\/uploads\/2026\/03\/gf-praloup-logos-01.svg\",\"caption\":\"GF PraLoup\"},\"image\":{\"@id\":\"https:\/\/gfpraloup.websenso.dev\/#\/schema\/logo\/image\/\"},\"email\":\"info@praloup.com\",\"address\":{\"@type\":\"PostalAddress\",\"streetAddress\":\"Maison du tourisme\",\"addressLocality\":\"Pra Loup\",\"postalCode\":\"04400\",\"addressCountry\":\"France\"},\"geo\":{\"@type\":\"GeoCoordinates\",\"latitude\":44.370059,\"longitude\":6.600973}}]}<\/script>\n<!-- \/ Yoast SEO plugin. -->","yoast_head_json":{"title":"GF PraLoup - The Ubaye Cycling Event - July 26, 2026 - GF PraLoup","robots":{"index":"index","follow":"follow","max-snippet":"max-snippet:-1","max-image-preview":"max-image-preview:large","max-video-preview":"max-video-preview:-1"},"canonical":"https:\/\/www.gfpraloup.com\/en\/","og_locale":"en_US","og_type":"article","og_title":"GF PraLoup - The Ubaye Cycling Event - July 26, 2026 - GF PraLoup","og_description":"3 routes in the Mercantour National Park Col d&#8217;Allos, Col des Champs, Col de la Cayolle &#8211; three legendary passes await you on the GF PraLoup! Three routes to suit all tastes and desires, with an accessible route for a taste of the joys of cyclosport, an intermediate route for a great cyclosportive in the [&hellip;]","og_url":"https:\/\/www.gfpraloup.com\/en\/","og_site_name":"GF PraLoup","article_modified_time":"2026-03-27T10:59:01+00:00","og_image":[{"url":"https:\/\/www.gfpraloup.com\/wp-content\/uploads\/2026\/03\/gfst26-ecran-624-x-416-px-1-855x570.jpg","type":"","width":"","height":""}],"twitter_card":"summary_large_image","twitter_misc":{"Est. reading time":"1 minute"},"schema":{"@context":"https:\/\/schema.org","@graph":[{"@type":"WebPage","@id":"https:\/\/www.gfpraloup.com\/en\/","url":"https:\/\/www.gfpraloup.com\/en\/","name":"GF PraLoup - The Ubaye Cycling Event - July 26, 2026 - GF PraLoup","isPartOf":{"@id":"https:\/\/gfpraloup.websenso.dev\/#website"},"primaryImageOfPage":{"@id":"https:\/\/www.gfpraloup.com\/en\/#primaryimage"},"image":{"@id":"https:\/\/www.gfpraloup.com\/en\/#primaryimage"},"thumbnailUrl":"https:\/\/www.gfpraloup.com\/wp-content\/uploads\/2026\/03\/gfst26-ecran-624-x-416-px-1-855x570.jpg","datePublished":"2026-03-23T09:58:42+00:00","dateModified":"2026-03-27T10:59:01+00:00","breadcrumb":{"@id":"https:\/\/www.gfpraloup.com\/en\/#breadcrumb"},"inLanguage":"en-US","potentialAction":[{"@type":"ReadAction","target":["https:\/\/www.gfpraloup.com\/en\/"]}]},{"@type":"ImageObject","inLanguage":"en-US","@id":"https:\/\/www.gfpraloup.com\/en\/#primaryimage","url":"https:\/\/www.gfpraloup.com\/wp-content\/uploads\/2026\/03\/gfst26-ecran-624-x-416-px-1-855x570.jpg","contentUrl":"https:\/\/www.gfpraloup.com\/wp-content\/uploads\/2026\/03\/gfst26-ecran-624-x-416-px-1-855x570.jpg"},{"@type":"BreadcrumbList","@id":"https:\/\/www.gfpraloup.com\/en\/#breadcrumb","itemListElement":[{"@type":"ListItem","position":1,"name":"Accueil","item":"https:\/\/www.gfpraloup.com\/en\/"},{"@type":"ListItem","position":2,"name":"GF PraLoup &#8211; The Ubaye Cycling Event &#8211; July 26, 2026"}]},{"@type":"WebSite","@id":"https:\/\/gfpraloup.websenso.dev\/#website","url":"https:\/\/gfpraloup.websenso.dev\/","name":"GF PraLoup","description":"L&#039;\u00e9v\u00e9nement cyclo de l&#039;Ubaye : 26 juillet 2026","publisher":{"@id":"https:\/\/gfpraloup.websenso.dev\/#organization"},"potentialAction":[{"@type":"SearchAction","target":{"@type":"EntryPoint","urlTemplate":"https:\/\/gfpraloup.websenso.dev\/?s={search_term_string}"},"query-input":{"@type":"PropertyValueSpecification","valueRequired":true,"valueName":"search_term_string"}}],"inLanguage":"en-US"},{"@type":"Organization","@id":"https:\/\/gfpraloup.websenso.dev\/#organization","name":"GF PraLoup","url":"https:\/\/gfpraloup.websenso.dev\/","logo":{"@type":"ImageObject","inLanguage":"en-US","@id":"https:\/\/gfpraloup.websenso.dev\/#\/schema\/logo\/image\/","url":"https:\/\/www.gfpraloup.com\/wp-content\/uploads\/2026\/03\/gf-praloup-logos-01.svg","contentUrl":"https:\/\/www.gfpraloup.com\/wp-content\/uploads\/2026\/03\/gf-praloup-logos-01.svg","caption":"GF PraLoup"},"image":{"@id":"https:\/\/gfpraloup.websenso.dev\/#\/schema\/logo\/image\/"},"email":"info@praloup.com","address":{"@type":"PostalAddress","streetAddress":"Maison du tourisme","addressLocality":"Pra Loup","postalCode":"04400","addressCountry":"France"},"geo":{"@type":"GeoCoordinates","latitude":44.370059,"longitude":6.600973}}]}},"_links":{"self":[{"href":"https:\/\/www.gfpraloup.com\/en\/wp-json\/wp\/v2\/pages\/293","targetHints":{"allow":["GET"]}}],"collection":[{"href":"https:\/\/www.gfpraloup.com\/en\/wp-json\/wp\/v2\/pages"}],"about":[{"href":"https:\/\/www.gfpraloup.com\/en\/wp-json\/wp\/v2\/types\/page"}],"author":[{"embeddable":true,"href":"https:\/\/www.gfpraloup.com\/en\/wp-json\/wp\/v2\/users\/1"}],"replies":[{"embeddable":true,"href":"https:\/\/www.gfpraloup.com\/en\/wp-json\/wp\/v2\/comments?post=293"}],"version-history":[{"count":19,"href":"https:\/\/www.gfpraloup.com\/en\/wp-json\/wp\/v2\/pages\/293\/revisions"}],"predecessor-version":[{"id":1070,"href":"https:\/\/www.gfpraloup.com\/en\/wp-json\/wp\/v2\/pages\/293\/revisions\/1070"}],"wp:attachment":[{"href":"https:\/\/www.gfpraloup.com\/en\/wp-json\/wp\/v2\/media?parent=293"}],"curies":[{"name":"wp","href":"https:\/\/api.w.org\/{rel}","templated":true}]}}